{"id":3854,"date":"2022-08-12T14:12:27","date_gmt":"2022-08-12T14:12:27","guid":{"rendered":"https:\/\/apd2022.net\/?post_type=lectures&#038;p=3854"},"modified":"2022-08-25T11:05:22","modified_gmt":"2022-08-25T11:05:22","slug":"work-interruptions-and-medium-term-labour-market-outcomes-of-older-workers-during-the-pandemic","status":"publish","type":"lectures","link":"https:\/\/apd2022.net\/en\/lectures\/work-interruptions-and-medium-term-labour-market-outcomes-of-older-workers-during-the-pandemic\/","title":{"rendered":"Work Interruptions and Medium-Term Labour Market Outcomes of Older Workers During the Pandemic"},"content":{"rendered":"\n<p>A distribui\u00e7\u00e3o das popula\u00e7\u00f5es pelo espa\u00e7o, assim como as formas organizativas que adquiriram, aos diferentes n\u00edveis, n\u00e3o surgiram por mero acaso. Fatores de geografia f\u00edsica, econ\u00f3micos, hist\u00f3ricos, pol\u00edticos, \u00e9tnicos, antropol\u00f3gicos, entre outros, geraram identidades sociais, pol\u00edticas, culturais, etc., cimentadas durante s\u00e9culos. Estas t\u00eam-se esbatido por processos mais ou menos bruscos. As consequentes reorganiza\u00e7\u00f5es do espa\u00e7o pol\u00edtico-econ\u00f3mico impuseram movimentos, naturais ou for\u00e7ados, de pessoas e bens, aos quais, nos nossos dias, continuamos a assistir.<br>Objetivo: Caracterizar as for\u00e7as que pressionam as popula\u00e7\u00f5es a deslocalizarem-se no espa\u00e7o.<br>Palavras-chave: Popula\u00e7\u00e3o; espa\u00e7o; economia; interagir; (des)localizar.<br>Material e M\u00e9todos<br>Utilizando algumas vari\u00e1veis da Base de Dados PORDATA, da Funda\u00e7\u00e3o Francisco Manuel dos Santos, sobre os resultados do censo de 2011 para os concelhos do Continente, faremos uma an\u00e1lise estat\u00edstica multivariada destes munic\u00edpios. Estas vari\u00e1veis ser\u00e3o de tr\u00eas tipos &#8211; sociopol\u00edticas, econ\u00f3micas e demogr\u00e1ficas.<br>O que apresentaremos neste Congresso, \u00e9 uma \u201cAn\u00e1lise Estat\u00edstica Explorat\u00f3ria\u201d, como tal, parte de uma linha de trabalho para continuar e aprofundar a m\u00e9dio prazo, numa perspetiva sist\u00e9mica, de an\u00e1lise espacial e regional.<br>Resultados<br>O escopo final \u00e9 reduzir a complexidade derivada da intera\u00e7\u00e3o de m\u00faltiplas vari\u00e1veis que atuam nas popula\u00e7\u00f5es como for\u00e7as centrifugas\/centr\u00edpetas, no contexto espacial\/regional, sem perda significativa de informa\u00e7\u00e3o. Por esta via, chegamos a uma hierarquia de um n\u00famero reduzido de dimens\u00f5es, que integram com cada uma das vari\u00e1veis originais.<\/p>\n","protected":false},"template":"","_links":{"self":[{"href":"https:\/\/apd2022.net\/en\/wp-json\/wp\/v2\/lectures\/3854"}],"collection":[{"href":"https:\/\/apd2022.net\/en\/wp-json\/wp\/v2\/lectures"}],"about":[{"href":"https:\/\/apd2022.net\/en\/wp-json\/wp\/v2\/types\/lectures"}],"wp:attachment":[{"href":"https:\/\/apd2022.net\/en\/wp-json\/wp\/v2\/media?parent=3854"}],"curies":[{"name":"wp","href":"https:\/\/api.w.org\/{rel}","templated":true}]}}